{"id":22,"date":"2018-02-17T02:12:47","date_gmt":"2018-02-17T04:12:47","guid":{"rendered":"http:\/\/localhost\/sprjwp\/?page_id=22"},"modified":"2018-05-10T17:06:17","modified_gmt":"2018-05-10T20:06:17","slug":"quem-somos","status":"publish","type":"page","link":"https:\/\/sprj.org.br\/site\/quem-somos\/","title":{"rendered":"Quem Somos"},"content":{"rendered":"\t\t<div data-elementor-type=\"wp-post\" data-elementor-id=\"22\" class=\"elementor elementor-22 elementor-bc-flex-widget\" data-elementor-post-type=\"page\">\n\t\t\t\t\t\t<section class=\"elementor-section elementor-top-section elementor-element elementor-element-9b3a6a6 elementor-section-boxed elementor-section-height-default elementor-section-height-default\" data-id=\"9b3a6a6\" data-element_type=\"section\" data-e-type=\"section\">\n\t\t\t\t\t\t<div class=\"elementor-container elementor-column-gap-default\">\n\t\t\t\t\t<div class=\"elementor-column elementor-col-100 elementor-top-column elementor-element elementor-element-b5582e4\" data-id=\"b5582e4\" data-element_type=\"column\" data-e-type=\"column\">\n\t\t\t<div class=\"elementor-widget-wrap elementor-element-populated\">\n\t\t\t\t\t\t<div class=\"elementor-element elementor-element-6849c10 elementor-widget elementor-widget-spacer\" data-id=\"6849c10\" data-element_type=\"widget\" data-e-type=\"widget\" data-widget_type=\"spacer.default\">\n\t\t\t\t<div class=\"elementor-widget-container\">\n\t\t\t\t\t\t\t<div class=\"elementor-spacer\">\n\t\t\t<div class=\"elementor-spacer-inner\"><\/div>\n\t\t<\/div>\n\t\t\t\t\t\t<\/div>\n\t\t\t\t<\/div>\n\t\t\t\t<div class=\"elementor-element elementor-element-647c0af elementor-widget elementor-widget-heading\" data-id=\"647c0af\" data-element_type=\"widget\" data-e-type=\"widget\" data-widget_type=\"heading.default\">\n\t\t\t\t<div class=\"elementor-widget-container\">\n\t\t\t\t\t<h1 class=\"elementor-heading-title elementor-size-default\">Breve Hist\u00f3rico da Sociedade Psicanal\u00edtica do Rio de Janeiro<\/h1>\t\t\t\t<\/div>\n\t\t\t\t<\/div>\n\t\t\t\t\t<\/div>\n\t\t<\/div>\n\t\t\t\t\t<\/div>\n\t\t<\/section>\n\t\t\t\t<section class=\"elementor-section elementor-top-section elementor-element elementor-element-19a7e31 elementor-section-boxed elementor-section-height-default elementor-section-height-default\" data-id=\"19a7e31\" data-element_type=\"section\" data-e-type=\"section\">\n\t\t\t\t\t\t<div class=\"elementor-container elementor-column-gap-default\">\n\t\t\t\t\t<div class=\"elementor-column elementor-col-100 elementor-top-column elementor-element elementor-element-de754e0\" data-id=\"de754e0\" data-element_type=\"column\" data-e-type=\"column\">\n\t\t\t<div class=\"elementor-widget-wrap elementor-element-populated\">\n\t\t\t\t\t\t<div class=\"elementor-element elementor-element-426388d elementor-widget elementor-widget-spacer\" data-id=\"426388d\" data-element_type=\"widget\" data-e-type=\"widget\" data-widget_type=\"spacer.default\">\n\t\t\t\t<div class=\"elementor-widget-container\">\n\t\t\t\t\t\t\t<div class=\"elementor-spacer\">\n\t\t\t<div class=\"elementor-spacer-inner\"><\/div>\n\t\t<\/div>\n\t\t\t\t\t\t<\/div>\n\t\t\t\t<\/div>\n\t\t\t\t<div class=\"elementor-element elementor-element-ee5b70c elementor-widget elementor-widget-text-editor\" data-id=\"ee5b70c\" data-element_type=\"widget\" data-e-type=\"widget\" data-widget_type=\"text-editor.default\">\n\t\t\t\t<div class=\"elementor-widget-container\">\n\t\t\t\t\t\t\t\t\t<p style=\"text-align: justify;\">Juliano Moreira exerceu a atividade de Professor de Psiquiatria da Faculdade de Medicina do Rio de Janeiro e foi a primeira pessoa de renome que em setembro de 1914, pronunciou confer\u00eancia numa sess\u00e3o da Sociedade de Neurologia, Psiquiatria e Medicina Legal, sobre A PSICAN\u00c1LISE DE FREUD. Tr\u00eas meses mais tarde, o Dr. Genserico Arag\u00e3o Souza Pinto defendeu tese de doutorado na Faculdade de Medicina do Rio de Janeiro, com o tema PSICAN\u00c1LISE E A SEXUALIDADE NAS NEUROSES.\u00a0<\/p><p style=\"text-align: justify;\">Em 1919, Medeiros e Albuquerque membro da Academia Brasileira de Letras, conferenciou na Policl\u00ednica do Rio de Janeiro sobre A PSICOLOGIA DE UM NEUROLOGISTA: FREUD E AS TEORIAS SEXUAIS.\u00a0<\/p><p style=\"text-align: justify;\">\u00a0Na metade do S\u00e9culo XX, a Psican\u00e1lise tomava rumos cada vez mais definidos na Cidade do Rio de Janeiro. Em 1944 foi criado Centro de Estudos Juliano Moreira por um grupo de psiquiatras dentro do Servi\u00e7o Nacional de Doen\u00e7as Mentais (SNDM) que buscava forma\u00e7\u00e3o psicanal\u00edtica. O Centro foi dirigido pelo Diretor do SNDM, Dr. Adauto Botelho. Atrav\u00e9s do empenho do pr\u00f3prio Dr. Adauto Botelho, quatro psiquiatras, os Drs. Walderedo Ismael de Oliveira, Alcion Baer Bahia, Danilo e Marialzira Perestrello, viajaram para Buenos Aires com vistas \u00e0 an\u00e1lise de forma\u00e7\u00e3o psicanal\u00edtica.\u00a0<\/p><p style=\"text-align: justify;\">Em 1946, realizou-se no Rio de Janeiro o Congresso Pan-Americano de Medicina, com a presen\u00e7a de v\u00e1rios psicanalistas argentinos que j\u00e1 pertenciam \u00e0 rec\u00e9m fundada Associa\u00e7\u00e3o Psicanal\u00edtica Argentina. Em 1947, com a chegada ao Rio de Janeiro do Dr. Dom\u00edcio de Arruda C\u00e2mara, que havia passado alguns anos nos EUA, onde se submetera a an\u00e1lise com o Dr. Gregory Zilborg, foi fundado o INSTITUTO BRASILEIRO DE PSICAN\u00c1LISE.\u00a0<\/p><p style=\"text-align: justify;\">\u00a0Em 1948, os Drs. Dom\u00edcio de Arruda C\u00e2mara (Presidente do IBP) e Silvio Grieco viajaram para Londres, sede da Associa\u00e7\u00e3o Internacional de Psican\u00e1lise, e conseguiram a vinda, para o Rio de Janeiro, do Mr. Marc Burke, para iniciar a forma\u00e7\u00e3o psicanal\u00edtica de um grupo de dez psiquiatras. No final do mesmo ano, outro analista Didata veio para o Rio de Janeiro, Dr. Werner Walter Kemper, tamb\u00e9m indicado pelo Dr. Ernest Jones (Presidente da Associa\u00e7\u00e3o Internacional de Psican\u00e1lise) que, ent\u00e3o, a partir de 1949, passou a dividir com o Mr. Burke os encargos da forma\u00e7\u00e3o psicanal\u00edtica no Rio de Janeiro.\u00a0<\/p><p style=\"text-align: justify;\">\u00a0Juntos, o Mr. Burke e o Dr. Kemper procuraram organizar, como Study Group, o N\u00facleo Psicanal\u00edtico do Rio de Janeiro sob responsabilidade e patroc\u00ednio da, ent\u00e3o Sociedade Provis\u00f3ria de Psican\u00e1lise de S\u00e3o Paulo, cujos Diretores eram Dr. Durval Marcondes e Dra. Adelheid Koch. Contudo, come\u00e7aram a surgir diverg\u00eancias entre Mr. Burke, Dr. Kemper e os seus respectivos grupos de analisandos.\u00a0<\/p><p style=\"text-align: justify;\">Em 1950, Dr. Kemper, com seus analisandos, funda o CENTRO DE ESTUDOS PSICANAL\u00cdTICOS DO RIO DE JANEIRO, que foi reconhecido pela Associa\u00e7\u00e3o Internacional de Psican\u00e1lise, em 1953, como Study Group. Integrada pelos seguintes membros: Dr. Celestino Prunes, Dr. Luiz Guimar\u00e3es Dahlheim, Dr, F\u00e1bio Leite Lobo, Dr. Jo\u00e3o<\/p><p style=\"text-align: justify;\">Marafelli F\u00ba, Dr. Gerson Borsoi, Dr, Souza Viana, Dra. Inaura Carneiro Le\u00e3o, Zenaira Aranha, In\u00eas Besouchet e Noemy Rudolfer. Mais tarde, Dr. Souza Viana deixa o grupo e entra em seu lugar Sra. Kathrin Kemper.\u00a0<\/p><p style=\"text-align: justify;\">\u00a0Em 1955, durante o 19\u00ba Congresso Internacional de Psican\u00e1lise em Genebra (Su\u00ed\u00e7a), o Centro de Estudos Psicanal\u00edticos do Rio de Janeiro \u00e9 aceito como Sociedade Componente da Associa\u00e7\u00e3o Internacional de Psican\u00e1lise, com o nome de SOCIEDADE PSICANAL\u00cdTICA DO RIO DE JANEIRO.\u00a0\u00a0 A ata de funda\u00e7\u00e3o da SOCIEDADE PSICANAL\u00cdTICA DO RIO DE JANEIRO foi datada em 29 de setembro de 1955 (data comemorativa) constando os seguintes membros fundadores:<\/p><p style=\"text-align: justify;\">Diretoria: Presidente de Honra \u2212 Dr. Werner Walter Kemper; Presidente \u2013 Dr. F\u00e1bio Leite Lobo; Secret\u00e1rio \u2013 Dr. Gerson Borsoi; Tesoureiro \u2013 Dr. Luiz Guimar\u00e3es Dahlheim.\u00a0<\/p><p style=\"text-align: justify;\">Membros Efetivos: Anna Katrin Kemper, F\u00e1bio Leite Lobo, Gerson Borsoi, Inaura Carneiro Le\u00e3o Vetter, Luiz Guimar\u00e3es Dahlheim, Noemy da Silveira Rudolfer e Werner Walter Kemper.\u00a0<\/p><p style=\"text-align: justify;\">Membros Associados: Celestino de Maria Prunes, Jo\u00e3o Marafelli Filho, Zenaira Aranha e In\u00eas Besouchet.\u00a0<\/p><p style=\"text-align: justify;\">\u00a0Importante incluir, como fato demonstrativo do interesse pela Psican\u00e1lise despertado nos intelectuais da ex-Capital do Brasil, entre as d\u00e9cadas 1950\/60, a produ\u00e7\u00e3o editorial da tradu\u00e7\u00e3o direta dos textos originais de Freud, do alem\u00e3o para o portugu\u00eas, as Obras Completas de Freud, pela Editora Delta (Rio de Janeiro). Seus tradutores foram renomados psiquiatras: Cincinato Magalh\u00e3es, Elias Davidowich, Gladestone Parente e Odilon Galotti. Hoje, esses textos s\u00e3o rel\u00edquias de Bibliotecas, altamente valorizados pelos estudiosos da Obra de Freud de l\u00edngua portuguesa, e s\u00e3o encontrados na BIBLIOTECA WERNER W. KEMPER da SPRJ. Biblioteca que possui um dos maiores acervos especializados em Psican\u00e1lise do territ\u00f3rio brasileiro. Dispondo de todas as principais revistas internacionais, obras dos autores brasileiros e estrangeiros, al\u00e9m, de guardar documentos da mem\u00f3ria institucional e da hist\u00f3ria do movimento psicanal\u00edtico do Rio de Janeiro.\u00a0<\/p><p style=\"text-align: justify;\">\u00a0A meta de conquistar a Psican\u00e1lise como ci\u00eancia, como progresso de um trabalho terap\u00eautico e como a base de entidade profissional, inclu\u00eda uma sede para as reuni\u00f5es. Portanto, a compra da casa \u2013 aonde, at\u00e9 hoje, se encontra \u2013 come\u00e7ou em 1955 com o empenho de Dr. Lysanias Marcellino da Silva (Membro do CEP) em obter verbas governamentais, que se concretizaram em meados de 1956, com o sinal e princ\u00edpio de pagamento da compra.\u00a0<\/p><p style=\"text-align: justify;\">A Promessa de Compra e Venda do im\u00f3vel foi assinada pelo Dr. Fabio Leite Lobo, representando o CENTRO DE ESTUDOS PSICANAL\u00cdTICOS DO RIO DE JANEIRO. O restante do pagamento estendeu-se como d\u00edvida por 11 anos, impondo aos antigos Membros do CEP e aos rec\u00e9m-chegados a SPRJ, uma quota mensal, a crit\u00e9rio de contribui\u00e7\u00e3o.\u00a0<\/p><p style=\"text-align: justify;\">Em dezembro de 1967, efetuou-se o \u00faltimo compromisso com a Caixa Econ\u00f4mica Federal, dignificando o empenho efetivo do conjunto dos Membros.\u00a0<\/p><p style=\"text-align: justify;\">Contudo, a oficializa\u00e7\u00e3o de posse do im\u00f3vel, pela SPRJ, ocorreu por um processo de rito. No dia 03 de novembro de 1987, duas Assembleias Extraordin\u00e1rias, simult\u00e2neas, realizaram-se no mesmo endere\u00e7o em salas distintas: a do CEP e a da SPRJ. A do CEP, presidida por Dr. Wilson Jos\u00e9 Simpl\u00edcio e com a presen\u00e7a da maioria absoluta de seus s\u00f3cios fundadores e efetivos, deliberou por unanimidade a proposta de dissolu\u00e7\u00e3o do CEP com destina\u00e7\u00e3o de seu patrim\u00f4nio para a SOCIEDADE PSICANAL\u00cdTICA DO RIO DE JANEIRO. A da SPRJ, presidida por Dr. Paulo Rocha Lagoa Quinet de Andrade, oficializou o recebimento e a incorpora\u00e7\u00e3o do referido im\u00f3vel aos bens societ\u00e1rios.\u00a0\u00a0<\/p><p style=\"text-align: justify;\">A cria\u00e7\u00e3o do Setor de Assist\u00eancia Psicol\u00f3gica (SAP), em 1957, foi significativa, por sua dimens\u00e3o cl\u00ednico-assistencial num trabalho de abrang\u00eancia social. A sua primeira organiza\u00e7\u00e3o ficou a cargo dos Drs. Werner Kemper, Le\u00e3o Cabernite, Lysanias Marcelino da Silva e Sara Furquim. A inaugura\u00e7\u00e3o, contou com a presen\u00e7a do, ent\u00e3o, Ministro da Sa\u00fade Dr. Maur\u00edcio de Medeiros, de quem se sabia ser entusiasta da psicoterapia, por ter feito em seu livro, Psicoterapia e suas modalidades, uma classifica\u00e7\u00e3o de psicoterapia. O Ministro defendeu a funda\u00e7\u00e3o de uma Sociedade Brasileira de Psicoterapia que conciliasse todas as modalidades de psicoterapias.\u00a0<\/p><p style=\"text-align: justify;\">A iniciativa de cria\u00e7\u00e3o desse Setor (SAP) foi de Werner Walter Kemper, que se baseou na sua experi\u00eancia na Policl\u00ednica de Berlim, em conviv\u00eancia com as ideias de Max Eitingon. O objetivo era criar em um contexto que oferecesse tanto o tratamento psicanal\u00edtico individual a pre\u00e7os m\u00f3dicos, como, tamb\u00e9m, dar ambi\u00eancia para a supervis\u00e3o e a pr\u00e1tica psicanal\u00edtica dos futuros psicanalistas. Contudo, ao real\u00e7ar o compromisso da Psican\u00e1lise com o social, gerou uma demanda que instou os psicanalistas a elaborarem conhecimentos mais din\u00e2micos \u00e0s necessidades dessa realidade. Por consequ\u00eancia, adquiriu um modelo para trabalhar psicanaliticamente, enquanto experi\u00eancia de grupoterapia, a qual impulsionou apresenta\u00e7\u00f5es no 2\u00ba Congresso Latino Americano de Psicoterapia de Grupo no Chile em 1960.\u00a0<\/p><p style=\"text-align: justify;\">O Relat\u00f3rio Oficial foi de Werner Kemper e Le\u00e3o Cabernite com o t\u00edtulo O problema da investiga\u00e7\u00e3o em psicoterapia de grupo. Tamb\u00e9m, as apresenta\u00e7\u00f5es de Maria Manh\u00e3es com o t\u00edtulo: O artista e a situa\u00e7\u00e3o inicial na grupoterapia; Werner Kemper, com: Experi\u00eancia com psicoterapia did\u00e1tica de grupo em candidatos em forma\u00e7\u00e3o psicanal\u00edtica; Le\u00e3o Cabernite, com: Contribui\u00e7\u00e3o ao estudo da din\u00e2mica na grupoterapia; Le\u00e3o Cabernite e Lys\u00e2nias Silva e Sara Furquim Almeida, com: Experi\u00eancia com um servi\u00e7o de grupoterapia numa sociedade psicanal\u00edtica.\u00a0<\/p><p style=\"text-align: justify;\">O aprofundamento dos trabalhos de grupoterapia, dentro da SPRJ, levou um n\u00famero de psicanalistas da SPRJ, fundarem, no in\u00edcio da d\u00e9cada de 1970, uma sociedade circunstanciada com a grupoterapia: a Sociedade de Psicoterapia Anal\u00edtica de Grupo (SPAG \u2013 RJ).\u00a0<\/p><p style=\"text-align: justify;\">No ano de 1971, a SPRJ contava com 10 Membros Efetivos, 18 Membros Associados e 45 Candidatos em forma\u00e7\u00e3o no Instituto de Ensino da Psican\u00e1lise. Isso significa dizer que 73 pessoas orbitavam pela SPRJ.\u00a0<\/p><p style=\"text-align: justify;\">Na Associa\u00e7\u00e3o Brasileira de Psican\u00e1lise (ABP), foi organizado o primeiro Roster, pela Secret\u00e1ria da ABP, Dra. Maria Manh\u00e3es, na gest\u00e3o do Dr. Luiz G. Dahlheim (1971 a 1973). Tamb\u00e9m, Dr. Luiz G. Dahlheim foi o primeiro brasileiro eleito para o cargo de \u00a0Vice-Presidente da IPA (1971 a 1975). Posteriormente, a SPRJ voltou a ocupar a VicePresid\u00eancia da IPA com a Dra. Galina Schneider, entre 1994 e 1997.\u00a0<\/p><p style=\"text-align: justify;\">A SPRJ patrocinou a implanta\u00e7\u00e3o de N\u00facleos Psicanal\u00edticos que se transformaram em Sociedades Componentes da IPA: em Porto Alegre: Sociedade Psicanal\u00edtica de Porto Alegre; em Recife, junto com a SBPRJ:\u00a0 Sociedade Psicanal\u00edtica do Recife; em Campo Grande: Sociedade Psicanal\u00edtica de Mato Grosso do Sul; em Belo Horizonte: Sociedade Brasileira de Psican\u00e1lise de Minas Gerais. E, sobretudo, a forma\u00e7\u00e3o psicanal\u00edtica atrav\u00e9s do seu pr\u00f3prio Instituto de Ensino da Psican\u00e1lise (IEP \u2212 SPRJ) que conta, at\u00e9 a presente data (2017), com 44 turmas de candidatos.\u00a0<\/p><p style=\"text-align: justify;\">A SPRJ liderou a organiza\u00e7\u00e3o de alguns Congressos Brasileiros e Latinos Americanos de Psican\u00e1lise. Em 1980, patrocinou, com sucesso, dois grandes Congressos no Rio de Janeiro: VIII Congresso Brasileiro de Psican\u00e1lise e XIII Congresso Latino Americano de Psican\u00e1lise, sendo este \u00faltimo, extremamente dram\u00e1tico quanto ao nascimento da FEPAL (Federa\u00e7\u00e3o Psicanal\u00edtica da Am\u00e9rica Latina) em substitui\u00e7\u00e3o ao COPAL (Conselho das Organiza\u00e7\u00f5es Psicanal\u00edticas da Am\u00e9rica Latina). A import\u00e2ncia eventual, mas decisiva, da SPRJ nesse epis\u00f3dio (do movimento psicanal\u00edtico da Am\u00e9rica Latina), resultou na funda\u00e7\u00e3o da FEPAL.\u00a0<\/p><p style=\"text-align: justify;\">Os dirigentes da IPA, de ent\u00e3o, haviam entendido que o COPAL teria sido criado para fazer oposi\u00e7\u00e3o a IPA. O tumulto ocorreu durante o XXXI Congresso da IPA em Nova York (1979), que desembocou na dificuldade de perman\u00eancia da SBPSP (Sociedade Brasileira de S\u00e3o Paulo) e SBPRJ (Sociedade Brasileira de Psican\u00e1lise do Rio de Janeiro) no ex-COPAL. Houve, ent\u00e3o, um esfor\u00e7o dos psicanalistas argentinos e uruguaios para fundarem, novamente, uma institui\u00e7\u00e3o psicanal\u00edtica que continuasse congregando as Sociedades da Am\u00e9rica Latina, em substitui\u00e7\u00e3o ao COPAL. A aquiesc\u00eancia da SPRJ foi determinante e pontual, nesse momento pol\u00edtico de funda\u00e7\u00e3o da FEPAL, no XIII Congresso Latino Americano de 1980, no Rio de Janeiro.\u00a0<\/p><p style=\"text-align: justify;\">No ano de 1983, dentro da estrutura societ\u00e1ria da SPRJ, houve aflu\u00eancia de alguns psicanalistas, no sentido de formar um F\u00f3rum de Debates, objetivando a tem\u00e1tica da \u00c9tica. Este evoluiu como Grupo Pro-\u00c9tica desmembrando-se, em mar\u00e7o de 2002, em Sociedade Provis\u00f3ria Interina da IPA, a Associa\u00e7\u00e3o Psicanal\u00edtica do Estado do Rio de Janeiro. Posteriormente, no ano de 2005, foi reconhecida como Sociedade Componente da IPA \u2212 APERJ \u2013 Rio 4.\u00a0<\/p><p style=\"text-align: justify;\">Ainda na d\u00e9cada de 1980, a SPRJ organizou a 1\u00aa Jornada Internacional da SPRJ = Brasil \u2013 Argentina, no Audit\u00f3rio do Col\u00e9gio Brasileiro de Cirurgi\u00f5es (Rio de Janeiro) em julho de 1988.\u00a0<\/p><p style=\"text-align: justify;\">As apresenta\u00e7\u00f5es foram em mesas-redondas, com temas amplos, tais como: \u201c\u00c9dipo \u2212 Em S\u00f3focles e na Sociedade Moderna\u201d apresentada por Dr. Eustachio Portella Nunes (SPRJ), Prof. Junito Brand\u00e3o (PUC-Rio), Dr. Maur\u00edcio Abadi (APA) e coordenada por Dr. Paulo R.L. Quinet (SPRJ). \u201cPsican\u00e1lise Psicossom\u00e1tica\u201d por Dr. Amaury Queir\u00f3z (SPRJ), Dr. Luis A. Chiozza (APA), Dr. Otelo C. dos Santos Filho (SPRJ) e coordenada por Id\u00e9sio Milani Tavares (SPRJ). \u201cPsican\u00e1lise e Psicose\u201d por Dr. Mois\u00e9s Tractenberg (SPRJ), Dr. Ricardo Avenburg (APdBA) e coordenada por Dr. Jos\u00e9 Iza\u00ed (SPRJ). \u201cAdolesc\u00eancia, T\u00f3xico e Suic\u00eddio\u201d por Dr. Carlos Roberto Saba (SPRJ), Dr. Eduardo Mascarenhas (SPRJ) e coordenada por Dr. Miguel W. Montera (SPRJ).<\/p><p style=\"text-align: justify;\">Os antigos Estatutos da FEPAL determinavam que sua governan\u00e7a fosse feita por rod\u00edzio entre suas federadas, portanto, para o Bi\u00eanio 1988\/90, foi determinada a SPRJ. Os seguintes psicanalistas foram referendados na Assembleia da SPRJ para a dire\u00e7\u00e3o da FEPAL: Dr. Eustachio Portella Nunes (Presidente); Dra. Clemilda Barbosa de Souza (Secret\u00e1ria); Dr. Cl\u00e1udio Jos\u00e9 Campos Filho (Tesoureiro); Dr. Nilo Ramos de Assis (Coordenador Cient\u00edfico); Ernesto Meirelles La Porta (Coordenador de Publica\u00e7\u00f5es).\u00a0<\/p><p style=\"text-align: justify;\">A primeira tomada de decis\u00e3o feita de uma institui\u00e7\u00e3o psicanal\u00edtica, no \u00e2mbito do Brasil, para trazer um p\u00fablico de n\u00e3o psicanalistas para dentro da pr\u00f3pria sede, coube a SPRJ, com a atividade da Comiss\u00e3o Cient\u00edfica coordenada pelo Dr. Eduardo Mascarenhas, na Gest\u00e3o 1989\/91 do Dr. Isaac Jos\u00e9 Nigri. Durante dois anos inteiros, um p\u00fablico \u201cextra sociedade\u201d, interessado, teve acesso, pela primeira vez, \u00e0s reuni\u00f5es cient\u00edficas \u201cdentro\u201d da SPRJ, cujo eixo central foi Sexualidade, atrav\u00e9s da Obra de Sigmund Freud. Em todas essas reuni\u00f5es, o audit\u00f3rio ficou superlotado. O efeito da presen\u00e7a desse p\u00fablico significou o \u201cnovo\u201d, numa ordem que gerou impactos e oposi\u00e7\u00f5es de membros. Por um lado, cautela e, por outro, uma alus\u00e3o sat\u00edrica de quebrar tabus quanto \u00e0s \u201creuni\u00f5es intramuros\u201d \u2013 aquelas dos monast\u00e9rios ortodoxos.\u00a0<\/p><p style=\"text-align: justify;\">Diferentemente de suas cong\u00eaneres, a SPRJ revelou, desde os prim\u00f3rdios, possuir um grande veio de embate pol\u00edtico-institucional entre seus Membros. A partir dessa estrutura, e na conjuntura dos anos 1991 a 1993, surgiu o GRUPO MEM\u00d3RIA, com uma proposta de pesquisa da mem\u00f3ria institucional e da hist\u00f3ria da Psican\u00e1lise. Funcionou, tanto como grupo de pesquisas sobre as rela\u00e7\u00f5es numa institui\u00e7\u00e3o psicanal\u00edtica, como, tamb\u00e9m, grupo de atua\u00e7\u00e3o pol\u00edtico-institucional. Produziu algumas propostas que foram levadas ao Corpo Societ\u00e1rio. Uma dessas propostas concretizou-se em 1992 com o evento: Uma Quest\u00e3o de Ordem. Ocasi\u00e3o em que o Audit\u00f3rio Luiz G. Dahlheim ficou, totalmente, ocupado pelos psicanalistas. Discutindo-se, de maneira ampla, a organiza\u00e7\u00e3o pol\u00edtica da SPRJ.\u00a0<\/p><p style=\"text-align: justify;\">Por\u00e9m, o mais emblem\u00e1tico desses tempos foi o debate, em 14 de janeiro de 1994, entre os representantes, Dr. Carlos Edson Duarte pela Chapa Integra\u00e7\u00e3o e Dr. Jeremias Ferraz Lima pela Chapa \u00c9tica e Psican\u00e1lise, que concorriam ao pleito eleitoral da SPRJ em 24 de janeiro de 1994. O evento contou com 60 psicanalistas, sendo que muitos usaram, com veem\u00eancia, a for\u00e7a de suas respectivas ret\u00f3ricas e esteve sob a coordena\u00e7\u00e3o do Dr. Ronaldo Victer.\u00a0<\/p><p style=\"text-align: justify;\">No per\u00edodo de 2002\/04, mais um Membro da SPRJ participou dos trabalhos de governan\u00e7a da IPA: Psic. Maria Eliana Barbosa Mello Helsinger na Casa de Delegados \u2212 House of Delegates.\u00a0<\/p><p style=\"text-align: justify;\">Em setembro de 2005, SOCIEDADE PSICANAL\u00cdTICA DO RIO DE JANEIRO comemorou cinquenta anos de sua exist\u00eancia institucional \u2013 JUBILEU DE OURO. Inaugurou o Centro de Documenta\u00e7\u00e3o, de Mem\u00f3rias e de Refer\u00eancias da Psican\u00e1lise (CDMRP), com a exposi\u00e7\u00e3o Psican\u00e1lise e Modernismo.\u00a0<\/p><p style=\"text-align: justify;\">Durante o ano de 2008, a SPRJ trouxe para si o questionamento fundamental dos meios psicanal\u00edticos, de ent\u00e3o: o que \u00e9 Psican\u00e1lise? Mas, ainda hoje, essa pergunta ecoa com respostas antag\u00f4nicas e, \u00e0s vezes, longe de um consenso.\u00a0<\/p><p style=\"text-align: justify;\">Durante todo o ano de 2008, a Comiss\u00e3o Cient\u00edfica da SPRJ reuniu, mensalmente, no Audit\u00f3rio Luiz Guimar\u00e3es Dahlheim, em sua sede, dois apresentadores com vis\u00f5es diferenciadas da teoria e da pr\u00e1tica anal\u00edtica. Ap\u00f3s a exposi\u00e7\u00e3o de suas ideias, seguiase um debate com a plateia. Al\u00e9m dos debates diretos, a Comiss\u00e3o Cient\u00edfica elaborou um question\u00e1rio de sete perguntas, em torno da mesma mat\u00e9ria, e o enviou para tr\u00eas psicanalistas: Glen Gabbard, Jorge Ahumada e Elias Mallet Rocha Barros (Editorial da Psicanal\u00edtica, Vol. IX, n\u00ba 1, 2008).\u00a0<\/p><p style=\"text-align: justify;\">Algo singular, no contexto institucional psicanal\u00edtico internacional, aconteceu a partir de 2010. Atrav\u00e9s de di\u00e1logos preliminares entre psicanalistas da SPRJ e da Associa\u00e7\u00e3o Psicanal\u00edtica Rio 3 (APRIO 3), deu-se a fus\u00e3o das duas Sociedades Psicanal\u00edticas. Na Assembleia Geral da SPRJ, de 13 de julho de 2011, psicanalistas e candidatos da ex-Associa\u00e7\u00e3o Psicanal\u00edtica Rio 3 (ela encerrou legalmente suas atividades) passaram a ser Membros da SPRJ, guardando suas qualifica\u00e7\u00f5es da \u00e9poca. Incorporaramse ao quadro societ\u00e1rio da SPRJ 18 (dezoito) psicanalistas. Entre eles, psicanalistas de Crian\u00e7as e Adolescentes. E, ao quadro de forma\u00e7\u00e3o do IEP \u2013 SPRJ, foram admitidos 9 (nove) candidatos. Assim, somaram-se 27 (vinte e sete) novos part\u00edcipes \u00e0 ambi\u00eancia SPRJ.\u00a0 Importante real\u00e7ar, o percurso hist\u00f3rico da ex-Associa\u00e7\u00e3o Psicanal\u00edtica Rio 3. Originou-se de um grupo de psicanalistas da Sociedade Brasileira de Psican\u00e1lise do Rio de Janeiro (SBPRJ), que tomou a decis\u00e3o de constituir um Grupo de Estudos independente nos moldes oficiais da IPA. Coube ao Dr. Waldemar Zusman, que havia ocupado a fun\u00e7\u00e3o de Vice-Presidente da IPA (1993), representar os anseios institucionais do novo grupo perante o Executive Council no 40\u00ba Congresso, em Barcelona \/ 1997. Como consequ\u00eancia, no 43\u00ba Congresso da IPA, em Nova Orleans (USA), Grupo de Estudos Rio 3 obteve a aprova\u00e7\u00e3o como Sociedade Provis\u00f3ria e, finalmente, como Sociedade Componente da IPA no 44\u00ba Congresso, realizado no Rio de Janeiro em 2005, passando a denominar-se Associa\u00e7\u00e3o Psicanal\u00edtica Rio 3.\u00a0<\/p><p style=\"text-align: justify;\">Um dos empreendimentos prof\u00edcuos, denominado de \u201cSemin\u00e1rios Cine-Cl\u00ednicos\u201d, iniciado pelo Dr. Waldemar Zusman, que, mais tarde, com a ajuda de Dr. Neilton Dias, tornou-se F\u00f3rum de Psican\u00e1lise e Cinema, continua em plena atividade enquanto programa\u00e7\u00e3o cient\u00edfica da SPRJ.\u00a0<\/p><p style=\"text-align: justify;\">A SPRJ possui a publica\u00e7\u00e3o regular de artigos cient\u00edficos, atrav\u00e9s da PSICANAL\u00cdTICA \u2013 \u00d3RG\u00c3O OFICIAL DA SOCIEDADE PSICANAL\u00cdTICA DO RIO DE JANEIRO, indexada ISSN 1679074X. \u00c9 merit\u00f3rio lembrar-se, de todo o trajeto da publica\u00e7\u00e3o dos artigos que come\u00e7ou em 1980, com o formato de juntada mimeografa, distribu\u00edda como BOLETIM DA COMISS\u00c3O CIENT\u00cdFICA DA SPRJ. Faz-se, tamb\u00e9m, importante considerar, de extrema import\u00e2ncia, que, no dia 30 de maio de 2016, houve um movimento genu\u00edno dos Membros em, atrav\u00e9s de uma Plen\u00e1ria, estabelecer sob diversos aspectos, a elabora\u00e7\u00e3o e editora\u00e7\u00e3o da PSICANAL\u00cdTICA \u2013 A REVISTA DA SPRJ. O que significa o registro de conscientiza\u00e7\u00e3o institucional do patrim\u00f4nio intelectual da SPRJ.\u00a0<\/p><p style=\"text-align: justify;\">Rescrito por Ronaldo Victer em outubro de 2017.\u00a0<\/p><p style=\"text-align: justify;\">Revis\u00e3o por Vera Lucia Costa de Paula Antunes\u00a0<\/p><p style=\"text-align: justify;\"><em><strong>Fontes:\u00a0<\/strong><\/em><\/p><p style=\"text-align: justify;\"><em><strong>-SPRJ \u2013 OP\u00daSCULO COMEMORATIVO DE 25 ANOS. SPRJ, 1980.\u00a0 <\/strong><\/em><br \/><em><strong>-VICTER, R (1991): ELEMENTOS PARA UMA COMPREENS\u00c3O DA PR\u00c9-HIST\u00d3RIA DA SPRJ (REVISTA DE PSICAN\u00c1LISE DO RIO DE JANEIRO, VOLUME 1, N\u00daMERO 1, 1991). SPRJ\/SBPRJ \u2013 BRASIL, RIO DE JANEIRO, 1991.\u00a0 \u00a0<\/strong><\/em><br \/><em><strong>-ABP NOT\u00cdCIAS ANO VIII N\u00daMERO 24, NOVEMBRO 2004. RIO DE JANEIRO.\u00a0 <\/strong><\/em><br \/><em><strong>-EDITORIAL: PSICANAL\u00cdTICA (VOL. IX, N\u00daMERO 1, 2008). SPRJ, 2008.\u00a0 <\/strong><\/em><br \/><em><strong>-ATA SPRJ 13 de julho de 2011 -FEBRAPSI Roster 2011 -FEBRAPSI Roster 2015 -VICTER, R (2014): A CASA (PSICANAL\u00cdTICA, VOLUME XV \u2013 N\u00daMERO 1 \u2013 2014). SPRJ \u2013 RIO DE JANEIRO, 2014.\u00a0 <\/strong><\/em><br \/><em><strong>-VICTER, R (2016): \u00d3RG\u00c3O OFICIAL DA SOCIEDADE PSICANAL\u00cdTICA DO RIO DE JANEIRO (PSICANAL\u00cdTICA, VOL. XVII, N\u00daMERO 1, 2016). SPRJ, 2016.\u00a0 <\/strong><\/em><br \/><em><strong>-VICTER, R (2017): ALMANAQUE SPRJ (APRESENTA\u00c7\u00c3O EM REUNI\u00c3O CIENT\u00cdFICA DA SPRJ EM 27\/06\/2017)\u00a0<\/strong><\/em><\/p>\t\t\t\t\t\t\t\t<\/div>\n\t\t\t\t<\/div>\n\t\t\t\t\t<\/div>\n\t\t<\/div>\n\t\t\t\t\t<\/div>\n\t\t<\/section>\n\t\t\t\t<section class=\"elementor-section elementor-top-section elementor-element elementor-element-3a5b1bc5 elementor-section-height-min-height elementor-section-content-top elementor-section-full_width elementor-section-stretched elementor-section-height-default elementor-section-items-middle\" data-id=\"3a5b1bc5\" data-element_type=\"section\" data-e-type=\"section\" data-settings=\"{&quot;background_background&quot;:&quot;classic&quot;,&quot;stretch_section&quot;:&quot;section-stretched&quot;}\">\n\t\t\t\t\t\t<div class=\"elementor-container elementor-column-gap-default\">\n\t\t\t\t\t<div class=\"elementor-column elementor-col-33 elementor-top-column elementor-element elementor-element-40d7b0d4\" data-id=\"40d7b0d4\" data-element_type=\"column\" data-e-type=\"column\">\n\t\t\t<div class=\"elementor-widget-wrap elementor-element-populated\">\n\t\t\t\t\t\t<div class=\"elementor-element elementor-element-1447a6bf elementor-widget elementor-widget-heading\" data-id=\"1447a6bf\" data-element_type=\"widget\" data-e-type=\"widget\" data-widget_type=\"heading.default\">\n\t\t\t\t<div class=\"elementor-widget-container\">\n\t\t\t\t\t<h3 class=\"elementor-heading-title elementor-size-default\">Acompanhe-nos!<\/h3>\t\t\t\t<\/div>\n\t\t\t\t<\/div>\n\t\t\t\t<div class=\"elementor-element elementor-element-42e1db2e elementor-shape-rounded elementor-grid-0 e-grid-align-center elementor-widget elementor-widget-social-icons\" data-id=\"42e1db2e\" data-element_type=\"widget\" data-e-type=\"widget\" data-widget_type=\"social-icons.default\">\n\t\t\t\t<div class=\"elementor-widget-container\">\n\t\t\t\t\t\t\t<div class=\"elementor-social-icons-wrapper elementor-grid\" role=\"list\">\n\t\t\t\t\t\t\t<span class=\"elementor-grid-item\" role=\"listitem\">\n\t\t\t\t\t<a class=\"elementor-icon elementor-social-icon elementor-social-icon-facebook elementor-animation-grow elementor-repeater-item-f398ff9\" href=\"https:\/\/www.facebook.com\/SociedadePsicanaliticaDoRioDeJaneiro\/?ref=bookmarks\" target=\"_blank\">\n\t\t\t\t\t\t<span class=\"elementor-screen-only\">Facebook<\/span>\n\t\t\t\t\t\t\t\t\t\t\t\t\t<i class=\"fa fa-facebook\" aria-hidden=\"true\"><\/i>\n\t\t\t\t\t\t\t\t\t\t\t<\/a>\n\t\t\t\t<\/span>\n\t\t\t\t\t\t\t<span class=\"elementor-grid-item\" role=\"listitem\">\n\t\t\t\t\t<a class=\"elementor-icon elementor-social-icon elementor-social-icon-twitter elementor-animation-grow elementor-repeater-item-3b6ccd8\" target=\"_blank\">\n\t\t\t\t\t\t<span class=\"elementor-screen-only\">Twitter<\/span>\n\t\t\t\t\t\t\t\t\t\t\t\t\t<i class=\"fa fa-twitter\" aria-hidden=\"true\"><\/i>\n\t\t\t\t\t\t\t\t\t\t\t<\/a>\n\t\t\t\t<\/span>\n\t\t\t\t\t\t\t<span class=\"elementor-grid-item\" role=\"listitem\">\n\t\t\t\t\t<a class=\"elementor-icon elementor-social-icon elementor-social-icon-google-plus elementor-animation-grow elementor-repeater-item-da1432d\" href=\"https:\/\/plus.google.com\/107276526127235680845\" target=\"_blank\">\n\t\t\t\t\t\t<span class=\"elementor-screen-only\">Google-plus<\/span>\n\t\t\t\t\t\t\t\t\t\t\t\t\t<i class=\"fa fa-google-plus\" aria-hidden=\"true\"><\/i>\n\t\t\t\t\t\t\t\t\t\t\t<\/a>\n\t\t\t\t<\/span>\n\t\t\t\t\t<\/div>\n\t\t\t\t\t\t<\/div>\n\t\t\t\t<\/div>\n\t\t\t\t\t<\/div>\n\t\t<\/div>\n\t\t\t\t<div class=\"elementor-column elementor-col-33 elementor-top-column elementor-element elementor-element-65b55a7\" data-id=\"65b55a7\" data-element_type=\"column\" data-e-type=\"column\">\n\t\t\t<div class=\"elementor-widget-wrap elementor-element-populated\">\n\t\t\t\t\t\t<div class=\"elementor-element elementor-element-8169253 elementor-widget elementor-widget-heading\" data-id=\"8169253\" data-element_type=\"widget\" data-e-type=\"widget\" data-widget_type=\"heading.default\">\n\t\t\t\t<div class=\"elementor-widget-container\">\n\t\t\t\t\t<h3 class=\"elementor-heading-title elementor-size-default\">Onde estamos<\/h3>\t\t\t\t<\/div>\n\t\t\t\t<\/div>\n\t\t\t\t<div class=\"elementor-element elementor-element-1a614aca elementor-icon-list--layout-traditional elementor-list-item-link-full_width elementor-widget elementor-widget-icon-list\" data-id=\"1a614aca\" data-element_type=\"widget\" data-e-type=\"widget\" data-widget_type=\"icon-list.default\">\n\t\t\t\t<div class=\"elementor-widget-container\">\n\t\t\t\t\t\t\t<ul class=\"elementor-icon-list-items\">\n\t\t\t\t\t\t\t<li class=\"elementor-icon-list-item\">\n\t\t\t\t\t\t\t\t\t\t\t<span class=\"elementor-icon-list-icon\">\n\t\t\t\t\t\t\t\t\t\t\t\t\t\t\t\t<i class=\"fa fa-building\" aria-hidden=\"true\"><\/i>\n\t\t\t\t\t\t\t\t\t\t\t\t\t<\/span>\n\t\t\t\t\t\t\t\t\t\t<span class=\"elementor-icon-list-text\">Rua Fernandes Guimar\u00e3es, 92 - Botafogo - RJ<\/span>\n\t\t\t\t\t\t\t\t\t<\/li>\n\t\t\t\t\t\t\t\t<li class=\"elementor-icon-list-item\">\n\t\t\t\t\t\t\t\t\t\t\t<span class=\"elementor-icon-list-icon\">\n\t\t\t\t\t\t\t\t\t\t\t\t\t\t\t\t<i class=\"fa fa-phone\" aria-hidden=\"true\"><\/i>\n\t\t\t\t\t\t\t\t\t\t\t\t\t<\/span>\n\t\t\t\t\t\t\t\t\t\t<span class=\"elementor-icon-list-text\">(21) 2543-4998 \/ 2295-3573<\/span>\n\t\t\t\t\t\t\t\t\t<\/li>\n\t\t\t\t\t\t\t\t<li class=\"elementor-icon-list-item\">\n\t\t\t\t\t\t\t\t\t\t\t<span class=\"elementor-icon-list-icon\">\n\t\t\t\t\t\t\t\t\t\t\t\t\t\t\t\t<i class=\"fa fa-at\" aria-hidden=\"true\"><\/i>\n\t\t\t\t\t\t\t\t\t\t\t\t\t<\/span>\n\t\t\t\t\t\t\t\t\t\t<span class=\"elementor-icon-list-text\">sprj@sprj.org.br<\/span>\n\t\t\t\t\t\t\t\t\t<\/li>\n\t\t\t\t\t\t\t\t<li class=\"elementor-icon-list-item\">\n\t\t\t\t\t\t\t\t\t\t\t<span class=\"elementor-icon-list-icon\">\n\t\t\t\t\t\t\t\t\t\t\t\t\t\t\t\t<i class=\"fa fa-subway\" aria-hidden=\"true\"><\/i>\n\t\t\t\t\t\t\t\t\t\t\t\t\t<\/span>\n\t\t\t\t\t\t\t\t\t\t<span class=\"elementor-icon-list-text\">Proximo ao metr\u00f4 de Botafogo<\/span>\n\t\t\t\t\t\t\t\t\t<\/li>\n\t\t\t\t\t\t<\/ul>\n\t\t\t\t\t\t<\/div>\n\t\t\t\t<\/div>\n\t\t\t\t\t<\/div>\n\t\t<\/div>\n\t\t\t\t<div class=\"elementor-column elementor-col-33 elementor-top-column elementor-element elementor-element-81ffb7f\" data-id=\"81ffb7f\" data-element_type=\"column\" data-e-type=\"column\">\n\t\t\t<div class=\"elementor-widget-wrap elementor-element-populated\">\n\t\t\t\t\t\t<div class=\"elementor-element elementor-element-4957532 elementor-widget elementor-widget-google_maps\" data-id=\"4957532\" data-element_type=\"widget\" data-e-type=\"widget\" data-widget_type=\"google_maps.default\">\n\t\t\t\t<div class=\"elementor-widget-container\">\n\t\t\t\t\t\t\t<div class=\"elementor-custom-embed\">\n\t\t\t<iframe loading=\"lazy\"\n\t\t\t\t\tsrc=\"https:\/\/maps.google.com\/maps?q=Rua%20Fernandes%20Guimar%C3%A3es%2C%2092%20-%20Botafogo%20-%20RJ&#038;t=m&#038;z=15&#038;output=embed&#038;iwloc=near\"\n\t\t\t\t\ttitle=\"Rua Fernandes Guimar\u00e3es, 92 - Botafogo - RJ\"\n\t\t\t\t\taria-label=\"Rua Fernandes Guimar\u00e3es, 92 - Botafogo - RJ\"\n\t\t\t><\/iframe>\n\t\t<\/div>\n\t\t\t\t\t\t<\/div>\n\t\t\t\t<\/div>\n\t\t\t\t\t<\/div>\n\t\t<\/div>\n\t\t\t\t\t<\/div>\n\t\t<\/section>\n\t\t\t\t<\/div>\n\t\t","protected":false},"excerpt":{"rendered":"<p>Breve Hist\u00f3rico da Sociedade Psicanal\u00edtica do Rio de Janeiro Juliano Moreira exerceu a atividade de Professor de Psiquiatria da Faculdade de Medicina do Rio de Janeiro e foi a primeira pessoa de renome que em setembro de 1914, pronunciou confer\u00eancia numa sess\u00e3o da Sociedade de Neurologia, Psiquiatria e Medicina Legal, sobre A PSICAN\u00c1LISE DE FREUD. &#8230; <a title=\"Quem Somos\" class=\"read-more\" href=\"https:\/\/sprj.org.br\/site\/quem-somos\/\" aria-label=\"More on Quem Somos\">Ler mais&#8230;<\/a><\/p>\n","protected":false},"author":1,"featured_media":0,"parent":0,"menu_order":0,"comment_status":"closed","ping_status":"closed","template":"elementor_canvas","meta":{"_acf_changed":false,"generate_page_header":"","footnotes":""},"class_list":["post-22","page","type-page","status-publish"],"acf":[],"_links":{"self":[{"href":"https:\/\/sprj.org.br\/site\/wp-json\/wp\/v2\/pages\/22","targetHints":{"allow":["GET"]}}],"collection":[{"href":"https:\/\/sprj.org.br\/site\/wp-json\/wp\/v2\/pages"}],"about":[{"href":"https:\/\/sprj.org.br\/site\/wp-json\/wp\/v2\/types\/page"}],"author":[{"embeddable":true,"href":"https:\/\/sprj.org.br\/site\/wp-json\/wp\/v2\/users\/1"}],"replies":[{"embeddable":true,"href":"https:\/\/sprj.org.br\/site\/wp-json\/wp\/v2\/comments?post=22"}],"version-history":[{"count":17,"href":"https:\/\/sprj.org.br\/site\/wp-json\/wp\/v2\/pages\/22\/revisions"}],"predecessor-version":[{"id":1924,"href":"https:\/\/sprj.org.br\/site\/wp-json\/wp\/v2\/pages\/22\/revisions\/1924"}],"wp:attachment":[{"href":"https:\/\/sprj.org.br\/site\/wp-json\/wp\/v2\/media?parent=22"}],"curies":[{"name":"wp","href":"https:\/\/api.w.org\/{rel}","templated":true}]}}